{"id":442,"date":"2020-09-05T20:11:16","date_gmt":"2020-09-05T20:11:16","guid":{"rendered":"http:\/\/cimvirtual.es\/?page_id=442"},"modified":"2021-04-24T11:43:13","modified_gmt":"2021-04-24T11:43:13","slug":"home","status":"publish","type":"page","link":"https:\/\/cimvirtual.es\/en\/","title":{"rendered":"Home"},"content":{"rendered":"<p><a href=\"\/\"><br \/>\n\t\t\t\t\t\t\t<img decoding=\"async\" src=\"https:\/\/cimvirtual.es\/en\/wp-content\/uploads\/sites\/2\/elementor\/thumbs\/flag-35697_640-owa72g8j5cnbts2ud6mfi45gfg1dkq6gs3avmfzkco.png\" title=\"flag-35697_640\" alt=\"flag-35697_640\" \/>\t\t\t\t\t\t\t\t<\/a><br \/>\n\t\t\t\t\t\t\t\t\t\t\t<a href=\"\/en\"><br \/>\n\t\t\t\t\t\t\t<img decoding=\"async\" src=\"https:\/\/cimvirtual.es\/en\/wp-content\/uploads\/sites\/2\/elementor\/thumbs\/cursos-ingles-owa72i47j0pwh00427fon3odm7s404dxgclukzws08.png\" title=\"cursos-ingles\" alt=\"cursos-ingles\" \/>\t\t\t\t\t\t\t\t<\/a><\/p>\n<h1><b>International Virtual Conference, 27, 28 and 29 April 2021<\/b><\/h1>\n<p>\t\t\t\t\t\t\t\t\t\t<img decoding=\"async\" src=\"http:\/\/cimvirtual.es\/wp-content\/uploads\/2020\/09\/logocongresocentro.png\" title=\"\" alt=\"\" \/><br \/>\n\t\t\t\t\t\t\t\t\t\t<img decoding=\"async\" src=\"https:\/\/cimvirtual.es\/wp-content\/uploads\/2020\/09\/congresofotoedit.png\" title=\"\" alt=\"\" \/><br \/>\n\t\t\t\t\t\t\t\t\t\t<img decoding=\"async\" src=\"http:\/\/cimvirtual.es\/wp-content\/uploads\/2020\/09\/logocongresodcha.png\" title=\"\" alt=\"\" \/>\t\t\t\t\t\t\t\t\t\t\t<\/p>\n<h4><b>[Multilingual Inclusive Communication.\u00a0<\/b><b style=\"font-size: 1.5rem; font-style: inherit;\">2030 Educational Goals for Sustainable Development]<\/b><\/h4>\n<h5>In the Resolution of the General Assembly on 25 September 2015, the United Nations adopted the 2030 Agenda for Sustainable Development, laying out 17 Sustainable Development Goals and 169 different targets. Goal 4 proposes to ensure inclusive and equitable quality education and promote lifelong learning opportunities for all. Thus, this Conference provides a framework for the exchange and dissemination of research results on quality education. I.e. the experiences that, on the one hand, promote the learning of communicative competencies in different languages and systems, and on the other hand, provide adequate and suitable logistical and material support. Therefore, the aim of this Agenda is to create an inclusive and cooperative culture of peace to enhance sustainable development on equal opportunities among the citizens of the 21st century.<\/h5>\n<p>\u00a0<br \/>\n\t\t\t<a role=\"button\"><br \/>\n\t\t\t\t\t\tSign up<br \/>\n\t\t\t\t\t<\/a><br \/>\n\t\t\t<a href=\"https:\/\/cimvirtual.es\/en\/contact\/\" role=\"button\"><br \/>\n\t\t\t\t\t\tContact<br \/>\n\t\t\t\t\t<\/a><br \/>\n\t\t\t<a href=\"https:\/\/plataforma.cimvirtual.es\/\" target=\"_blank\" role=\"button\" rel=\"noopener noreferrer\"><br \/>\n\t\t\t\t\t\tAccess to virtual platform<br \/>\n\t\t\t\t\t<\/a><\/p>\n<h5>Participate as an Author or as a Listener. You have to <a href=\"https:\/\/cimvirtual.es\/en\/registration\">Sign up<\/a> before you proceed to the payment<\/h5>\n<h5>If you sign up as an Author, your <a href=\"#aportaciones\">paper <\/a>will be required to respect a template, a deadline and different steps. Submit your paper in Spanish, English or Portuguese<\/h5>\n<h5>Paper submission before 15 March 2021<\/h5>\n<p>\t\t\t\t\t\t\t\t\t\t<img decoding=\"async\" src=\"http:\/\/cimvirtual.es\/wp-content\/uploads\/2020\/09\/logo_congreso_largo.png\" title=\"\" alt=\"\" \/>\t\t\t\t\t\t\t\t\t\t\t<\/p>\n<h5>Obtain a Certificate of Attendance (35 virtual hours) and a Certificate of Presentation, both available in the Platform of the Conference\u00a0<a style=\"font-size: 1.313rem; font-style: inherit; background-color: #f0f0f0; color: #0000ff;\" href=\"https:\/\/cimvirtual.es\/en\/further-information-certificates\/\">+information<\/a><\/h5>\n<h5><a href=\"#publicaciones\">Publish<\/a>\u00a0your Abstract\u00a0in a Book of Abstracts with ISBN, and your Full Paper in a book with a Q1 impact index in SPI, both available in the Platform of the Conference<\/h5>\n<h5>Online access to the <a href=\"https:\/\/plataforma.cimvirtual.es\/login\/\" target=\"_blank\" rel=\"noopener noreferrer\">Platform <\/a>of the Conference once you proceed to the payment<\/h5>\n<h5>\u00a0<\/h5>\n<h1>Thematic Lines<\/h1>\n<p>\t\t\t\t\t\t\t\t\t\t<img decoding=\"async\" src=\"https:\/\/cimvirtual.es\/wp-content\/uploads\/2020\/09\/congresoni\u00f1ocentro-1.png\" title=\"\" alt=\"\" \/>\t\t\t\t\t\t\t\t\t\t\t<\/p>\n<h4 style=\"text-align: left;\">1. Research in accessible communication for people with functional diversity<\/h4>\n<h6>This Line includes didactic and educational experiences, which present results on the communication systems employed in the field of special education, focused on the integration and inclusion of people with physical or mental disabilities, as well as on diversity in clinical, social, familiar and institutional contexts.<\/h6>\n<h4 style=\"text-align: left;\">2. Research in professional, academic and scientific communication for entrepreneurship and sustainability<\/h4>\n<h6>This Line includes didactic and educational experiences, which present results on written, spoken and\/or multimodal communication models, and are effective for sustainable professional and scientific development, as well as mainly promoted in higher education and vocational training contexts.<\/h6>\n<h4 style=\"text-align: left;\">3. Research in the learning of verbal languages for a multilingual society: mother tongue, foreign languages, bilingualism, and multilingualism<\/h4>\n<h6>This Line includes didactic and educational experiences, which present results on the use and the mastering of verbal languages (orally and\/or in writing), in all educational stages as well as in vocational training and adult education, either in mother tongue and foreign languages or even sharing procedures and resources.<\/h6>\n<h4 style=\"text-align: left;\">4. Research in iconic communication: drawing, images, concept mapping, video, interface and gamification<\/h4>\n<h6>This Line includes didactic and educational experiences, which present results on the ways of meaning with symbols and visual organisations, in combination or not, and other systems of human communication, emphasising their usefulness and applications in different communicative contexts and supports, to enhance an inclusive and cooperative culture of peace.<\/h6>\n<h2>Keynote speakers<\/h2>\n<h3>Speaker<\/h3>\n<h3>Title of the paper<\/h3>\n<h5>Dr Rosario Arroyo Gonz\u00e1lez. University of Granada<\/h5>\n<h6>Argumentative Communication in Higher Education<\/h6>\n<h5>Dr Laura Carlucci. University of Granada<\/h5>\n<h6>Multisensory Communication. New Paths to Inclusive Culture<\/h6>\n<h5>Dr Chakib Chaairi. University of Tetouan<\/h5>\n<h6>University Research in Humanities and Human Sciences facing the Challenge of Digital Communication<\/h6>\n<h5>Dr Ena Mar\u00eda Consuelo Evia Ricalde. University of Yucatan<\/h5>\n<h6>Communication, Original Languages and Interculturality: the Voices of the Mayan in Virtuality<\/h6>\n<h5>Dr Mohammad Khalil. University of Bergen<\/h5>\n<h6>Learning Analytics to Support the United Nations Sustainable Development Goals<\/h6>\n<h5>Dr Ahmed Kissami Mbarki. University of Granada<\/h5>\n<h6>The Learning of Writing Skills through Translation<\/h6>\n<h5>Ms Silvia Mart\u00ednez Mart\u00ednez. University of Granada<\/h5>\n<h6>Comprehensive Accessibility Plan in Museums for People with Visual and Hearing Disabilities<\/h6>\n<h5>Dr Mar\u00eda Jos\u00e9 Rodr\u00edguez Fortiz. University of Granada<\/h5>\n<h6>Accessible Visits to Museums, Buildings and Cultural Spaces<\/h6>\n<h5>Dr Jos\u00e9 Ruiz Mas. University of Granada<\/h5>\n<h6>The tribulations of a (Spanish-English) bilingual child in a monolingual community<\/h6>\n<h5>Dr Juan Manuel Trujillo. University of Granada<\/h5>\n<h6>Pedagogical Communication and Emerging Technologies in the Times of Covid<\/h6>\n<h1 style=\"text-align: left;\">Instructions for Authors<\/h1>\n<p>\u00a0<br \/>\n\t\t\t\t\t\t\t\t\t\t<img decoding=\"async\" src=\"https:\/\/cimvirtual.es\/wp-content\/uploads\/2020\/09\/congresoni\u00f1a.png\" title=\"\" alt=\"\" \/>\t\t\t\t\t\t\t\t\t\t\t<\/p>\n<h5>1. <a href=\"https:\/\/cimvirtual.es\/en\/registration\">Sign up\u00a0<\/a>as an author and fill in the fields: Abstract of your contribution and <a href=\"#lineas\">thematic line<\/a>.<br \/>2. Submit your full paper in accordance with the template before <strong>15 March 2021<\/strong>.<br \/>3. Once your paper is accepted by the Organising Committee, you will be able to <a href=\"#inscripcion\">proceed to the payment,<\/a>\u00a0before<strong> 15 March 2021<\/strong>.<br \/>4. Your full paper will be available to the participants on the <a href=\"\/\/plataforma.cimvirtual.es\/login\/\" target=\"_blank\" rel=\"noopener noreferrer\">Platform <\/a>of the Conference.<br \/>5. Your abstract will be published in a <a href=\"#publicaciones\">book of abstracts<\/a> with ISBN and your full paper will be published in a <a href=\"#publicaciones\">book<\/a> with a Q1 impact index in SPI, if you make the eventual modifications as instructed by the <a href=\"#comite\">Scientific Committee<\/a>.<br \/>6. You are only allowed to submit one paper. In case of co-submission, all authors must proceed to the payment.<\/h5>\n<p>\t\t\t<a href=\"\/wp-content\/uploads\/sites\/2\/2020\/10\/RESEARCH-REPORT-TEMPLATE.docx\" role=\"button\"><br \/>\n\t\t\t\t\t\tPaper Submission Template<br \/>\n\t\t\t\t\t<\/a><br \/>\n\t\t\t<a href=\"https:\/\/cimvirtual.es\/en\/envio-aportacion\/\" role=\"button\"><br \/>\n\t\t\t\t\t\tSubmit your paper<br \/>\n\t\t\t\t\t<\/a><\/p>\n<h1>Payment methods<\/h1>\n<h4>\u00a0<\/h4>\n<h5>Remember to <a href=\"https:\/\/cimvirtual.es\/en\/registration\">Sign up\u00a0<\/a>before paper submission and payment. Once you complete your payment, you will receive an e-mail with an username and a password to access the Platform of the Virtual Conference<\/h5>\n<p>\t\t\t\t\t\t\t\t\t\t<img decoding=\"async\" loading=\"lazy\" width=\"696\" height=\"646\" src=\"https:\/\/cimvirtual.es\/en\/wp-content\/uploads\/sites\/2\/2020\/10\/congresoni\u00f1oderecha.png\" alt=\"\" srcset=\"https:\/\/cimvirtual.es\/en\/wp-content\/uploads\/sites\/2\/2020\/10\/congresoni\u00f1oderecha.png 696w, https:\/\/cimvirtual.es\/en\/wp-content\/uploads\/sites\/2\/2020\/10\/congresoni\u00f1oderecha-300x278.png 300w, https:\/\/cimvirtual.es\/en\/wp-content\/uploads\/sites\/2\/2020\/10\/congresoni\u00f1oderecha-600x557.png 600w\" sizes=\"(max-width: 696px) 100vw, 696px\" \/>\t\t\t\t\t\t\t\t\t\t\t<\/p>\n<p>[rpt name=&#8221;1620&#8243;]<\/p>\n<h2>Publications of the 2021 International Virtual Conference<\/h2>\n<h5>Book of Abstracts with ISBN<\/h5>\n<p>\t\t\t\t\t\t\t\t\t\t<img decoding=\"async\" loading=\"lazy\" width=\"187\" height=\"81\" src=\"https:\/\/cimvirtual.es\/en\/wp-content\/uploads\/sites\/2\/2020\/10\/comares.jpg\" alt=\"\" \/>\t\t\t\t\t\t\t\t\t\t\t<\/p>\n<h5>Book with a Q1 impact index (SPI), edited by Comares, with full papers<br \/><\/h5>\n<h1>Publications in previous editions<\/h1>\n<p>\t\t\t\t\t\t\t\t\t\t<img decoding=\"async\" loading=\"lazy\" width=\"134\" height=\"189\" src=\"https:\/\/cimvirtual.es\/en\/wp-content\/uploads\/sites\/2\/2020\/10\/libro-rosario.png\" alt=\"\" \/>\t\t\t\t\t\t\t\t\t\t\t<\/p>\n<h5 style=\"text-align: left;\">Simposio Internacional. Investigaci\u00f3n en la ense\u00f1anza de la escritura (IEE): Nueva alfabetizaci\u00f3n cognitiva, afectiva y digital\/ International Symposium. Research on Writing Teaching: A new Cognitive, Affective and Digital Literacy. 7, 8 y 9 de Marzo del 2017.<\/h5>\n<h5 style=\"font-style: normal;\">Arroyo, R., Fern\u00e1ndez, M., Holgado, C., Lara, T. (2018).\u00a0<em>Investigaci\u00f3n en la escritura. Tecnolog\u00eda, afectividad y competencia acad\u00e9mico-cultural.<\/em> Octaedro.<\/h5>\n<h6><a href=\"https:\/\/octaedro.com\/libro\/investigacion-en-la-escritura\/\" target=\"_blank\" rel=\"noopener noreferrer\"><i>https:\/\/octaedro.com\/libro\/investigacion-en-la-escritura<\/i><\/a><\/h6>\n<p>\t\t\t\t\t\t\t\t\t\t<img decoding=\"async\" loading=\"lazy\" width=\"130\" height=\"199\" src=\"https:\/\/cimvirtual.es\/en\/wp-content\/uploads\/sites\/2\/2020\/10\/rosario-2008.png\" alt=\"\" \/>\t\t\t\t\t\t\t\t\t\t\t<\/p>\n<h5 style=\"text-align: left;\">Congreso Internacional: La escritura en el siglo XXI. Cognici\u00f3n, Multiling\u00fcismo y Tecnolog\u00edas\/ International Conference. Writing in the 21st Century. Cognition, Multilingualism and Technologies. 25, 26 y 27 de marzo de 2008.<\/h5>\n<h5 style=\"font-style: normal;\"><strong style=\"font-size: 1.313rem;\">Arroyo, R. (2008)<\/strong>.<em style=\"font-size: 1.313rem;\"> La Comunicaci\u00f3n Escrita: Cognici\u00f3n, Multiling\u00fcismo y Tecnolog\u00eda.<\/em>\u00a0Asprogrades\/Nativola.<\/h5>\n<p>\u00a0<\/p>\n<h6>\u00a0<\/h6>\n<h2>\n<h1 data-elementor-setting-key=\"title\" data-pen-placeholder=\"Teclea aqu\u00ed...\" style=\"font-style: normal\">Organisation<\/h1>\n<\/h2>\n<h4>&nbsp;<\/h4>\n<h4>EDINVEST Research Group (HUM356) from the Regional Government of Andalusia. Department of Didactics and School Organisation. Faculty of Education Sciences. University of Granada. Spain<\/h4>\n<p>&nbsp;<br \/>\n\t\t\t\t\t\t\t\t\t\t<img decoding=\"async\" loading=\"lazy\" width=\"220\" height=\"220\" src=\"https:\/\/cimvirtual.es\/en\/wp-content\/uploads\/sites\/2\/2020\/10\/Edinvest_bueno.png\" alt=\"\" srcset=\"https:\/\/cimvirtual.es\/en\/wp-content\/uploads\/sites\/2\/2020\/10\/Edinvest_bueno.png 220w, https:\/\/cimvirtual.es\/en\/wp-content\/uploads\/sites\/2\/2020\/10\/Edinvest_bueno-150x150.png 150w, https:\/\/cimvirtual.es\/en\/wp-content\/uploads\/sites\/2\/2020\/10\/Edinvest_bueno-100x100.png 100w\" sizes=\"(max-width: 220px) 100vw, 220px\" \/>\t\t\t\t\t\t\t\t\t\t\t<\/p>\n<h3>Director<\/h3>\n<p>Dr Rosario Arroyo Gonz\u00e1lez.\u00a0 Head of the Research Group EDINVEST (HUM 356)\u00a0<\/p>\n<h3>Organising Committee<\/h3>\n<p>Mr Andr\u00e9s Enoc Arroyo Perti\u00f1ez. Marketing and SEO in the website and the platform<br \/>Mr David Brao Serrano. Computer scientist and developer of the website and the platform<br \/>Ms Isabel Mar\u00eda Cantos S\u00e1nchez. Responsible for designing the website and the platform<br \/>Ms Aya El ouazzani. Communication and information\u00a0<br \/>Mr Javier de la Hoz Ruiz. Responsible for editing the Book of Abstracts<br \/>Mr Eric Fern\u00e1ndez Lancho. Responsible for the platform and the editing of the book<br \/>Mr Alejandro Leiva Carmona. Responsible for the Certificates<br \/>Mr Carlos Navas Vallejo. Translator and developer of the website and the platform<br \/>Mr Santiago Puertas \u00c1lvarez. Monitoring of the participation in the Conference<\/p>\n<h3>Honorary Committee<\/h3>\n<p>Dr Javier Villoria Prieto<br \/>Dean of the Faculty of Education Sciences in the University of Granada<\/p>\n<p>Dr Juan Manuel Trujillo Torres <br \/>Head of the Department of Didactics and School Organisation in the University of Granada<\/p>\n<h3>International Scientific Committee<\/h3>\n<p>Dr Patricia Balaguer Gir\u00f3n. Pablo de Olavide University. Spain<br \/>Dr Karima Bouallal. Mohammed I University. Morocco<br \/>Dr Laura Carlucci. University of Granada. Spain<br \/>Dr Chakib Chaairi. University of Tetouan. Morocco <br \/>Dr Mercedes Cuevas L\u00f3pez. University of Granada. Spain<br \/>Dr Claudia De Barros Camargo. Fasipe Faculty. Brazil<br \/>Dr Francisco J. Dur\u00e1n Ruiz. University of Granada. Spain<br \/>Dr Jamal Eddine Benhayoun. University of Tetouan. Morocco<br \/>Dr Emilio Jes\u00fas Elizarte Sim\u00f3n. University of Granada. Spain<br \/>Dr Ena Mar\u00eda Consuelo Evia Ricalde. University of Yucatan. Mexico<br \/>Dr Mar\u00eda Jos\u00e9 Fortiz. University of Granada. Spain<br \/>Dr Mariano Gabriel Fern\u00e1ndez Almenara. University of Granada. Spain<br \/>Dr Joaqu\u00edn Gairin Sall\u00e1n. Autonomous University of Barcelona. Spain<br \/>Dr Mar\u00eda Jes\u00fas Gallego Arrufat. University of Granada. Spain<br \/>Dr Javier Garc\u00eda Casta\u00f1o. University of Granada. Spain<br \/>Dr Maria Gervilla Zapata. University of Granada. Spain<br \/>Dr Antonio Hern\u00e1ndez Fern\u00e1ndez. University of Ja\u00e9n. Spain<br \/>Dr Christina Holgado S\u00e1ez. University of Granada. Spain<br \/>Dr Mohammad Khalil. University of Bergen. Norway<br \/>Dr Ahmed Kissami Mbarki. University of Granada. Spain <br \/>Dr El Mostapha Kissami. . American School of Marrakesch. Morocco<br \/>Dr Teresa Limpo. University of Porto. Portugal <br \/>Dr Jose Antonio Mar\u00edn Mar\u00edn. University of Granada. Spain<br \/>Dr Silvia Mart\u00ednez Mart\u00ednez. University of Granada. Spain<br \/>Dr Bel\u00e9n Mass\u00f3 Guijarro. University of Granada. Spain<br \/>Dr Ana Medina Reguera. Pablo de Olavide University. Spain<br \/>Dr Jes\u00fas Montejo G\u00e1mez. University of Granada. Spain<br \/>Dr Cristina Moral Santaella. University of Granada. Spain<br \/>Dr Jos\u00e9 Enrique Rodrigues Moura. Otto-Friedrich-Universit\u00e4t Bamberg. Germany<br \/>Dr Antonio Manuel Rodr\u00edguez-Garc\u00eda. University of Granada. Spain<br \/>Dr Jose Ruiz Mas. University of Granada. Spain<br \/>Dr Sebasti\u00e1n S\u00e1nchez Mart\u00ednez. University of Granada. Spain<br \/>Dr Tomas Sola Mart\u00ednez. University of Granada. Spain<br \/>Dr Juan Manuel. University of Granada. Spain<\/p>\n<h2>Partners<\/h2>\n<figure>\n\t\t\t\t\t\t\t\t\t\t<img decoding=\"async\" src=\"http:\/\/cimvirtual.es\/wp-content\/uploads\/2020\/09\/descjarga.png\" title=\"\" alt=\"\" \/><figcaption><\/figcaption><\/figure>\n<p>\t\t\t\t\t\t\t\t\t\t<img decoding=\"async\" src=\"https:\/\/cimvirtual.es\/wp-content\/uploads\/2020\/09\/ugr.png\" title=\"\" alt=\"\" \/><br \/>\n\t\t\t\t\t\t\t\t\t\t<img decoding=\"async\" src=\"http:\/\/cimvirtual.es\/wp-content\/uploads\/2020\/09\/uja.png\" title=\"\" alt=\"\" \/><br \/>\n\t\t\t\t\t\t\t\t\t\t<img decoding=\"async\" loading=\"lazy\" width=\"267\" height=\"189\" src=\"https:\/\/cimvirtual.es\/en\/wp-content\/uploads\/sites\/2\/2020\/09\/universidad-logo.png\" alt=\"\" \/><br \/>\n\t\t\t\t\t\t\t\t\t\t<img decoding=\"async\" loading=\"lazy\" width=\"812\" height=\"385\" src=\"https:\/\/cimvirtual.es\/en\/wp-content\/uploads\/sites\/2\/2020\/10\/uporto_logo-print_blcktransp_600ppi.png\" alt=\"\" srcset=\"https:\/\/cimvirtual.es\/en\/wp-content\/uploads\/sites\/2\/2020\/10\/uporto_logo-print_blcktransp_600ppi.png 996w, https:\/\/cimvirtual.es\/en\/wp-content\/uploads\/sites\/2\/2020\/10\/uporto_logo-print_blcktransp_600ppi-300x142.png 300w, https:\/\/cimvirtual.es\/en\/wp-content\/uploads\/sites\/2\/2020\/10\/uporto_logo-print_blcktransp_600ppi-768x364.png 768w, https:\/\/cimvirtual.es\/en\/wp-content\/uploads\/sites\/2\/2020\/10\/uporto_logo-print_blcktransp_600ppi-600x284.png 600w\" sizes=\"(max-width: 812px) 100vw, 812px\" \/><br \/>\n\t\t\t\t\t\t\t\t\t\t<img decoding=\"async\" loading=\"lazy\" width=\"142\" height=\"120\" src=\"https:\/\/cimvirtual.es\/en\/wp-content\/uploads\/sites\/2\/2020\/10\/logo-2.png\" alt=\"\" \/><br \/>\n\t\t\t\t\t\t\t\t\t\t<img decoding=\"async\" loading=\"lazy\" width=\"220\" height=\"102\" src=\"https:\/\/cimvirtual.es\/en\/wp-content\/uploads\/sites\/2\/2020\/10\/220px-Logo_uab.png\" alt=\"\" \/><br \/>\n\t\t\t\t\t\t\t\t\t\t<img decoding=\"async\" loading=\"lazy\" width=\"812\" height=\"440\" src=\"https:\/\/cimvirtual.es\/en\/wp-content\/uploads\/sites\/2\/2020\/10\/yucatan-1024x555.png\" alt=\"\" srcset=\"https:\/\/cimvirtual.es\/en\/wp-content\/uploads\/sites\/2\/2020\/10\/yucatan-1024x555.png 1024w, https:\/\/cimvirtual.es\/en\/wp-content\/uploads\/sites\/2\/2020\/10\/yucatan-300x163.png 300w, https:\/\/cimvirtual.es\/en\/wp-content\/uploads\/sites\/2\/2020\/10\/yucatan-768x416.png 768w, https:\/\/cimvirtual.es\/en\/wp-content\/uploads\/sites\/2\/2020\/10\/yucatan-600x325.png 600w, https:\/\/cimvirtual.es\/en\/wp-content\/uploads\/sites\/2\/2020\/10\/yucatan.png 1103w\" sizes=\"(max-width: 812px) 100vw, 812px\" \/><br \/>\n\t\t\t\t\t\t\t\t\t\t<img decoding=\"async\" src=\"http:\/\/cimvirtual.es\/wp-content\/uploads\/2020\/09\/logo-55.png\" title=\"\" alt=\"\" \/><br \/>\n\t\t\t\t\t\t\t\t\t\t<img decoding=\"async\" src=\"http:\/\/cimvirtual.es\/wp-content\/uploads\/2020\/09\/logo_UAL.jpg\" title=\"\" alt=\"\" \/><br \/>\n\t\t\t\t\t\t\t\t\t\t<img decoding=\"async\" loading=\"lazy\" width=\"812\" height=\"271\" src=\"https:\/\/cimvirtual.es\/en\/wp-content\/uploads\/sites\/2\/2020\/09\/180215_vKl_UniJena_BildWortMarke_blue_FSU-1-1024x342.jpg\" alt=\"\" srcset=\"https:\/\/cimvirtual.es\/en\/wp-content\/uploads\/sites\/2\/2020\/09\/180215_vKl_UniJena_BildWortMarke_blue_FSU-1-1024x342.jpg 1024w, https:\/\/cimvirtual.es\/en\/wp-content\/uploads\/sites\/2\/2020\/09\/180215_vKl_UniJena_BildWortMarke_blue_FSU-1-300x100.jpg 300w, https:\/\/cimvirtual.es\/en\/wp-content\/uploads\/sites\/2\/2020\/09\/180215_vKl_UniJena_BildWortMarke_blue_FSU-1-768x256.jpg 768w, https:\/\/cimvirtual.es\/en\/wp-content\/uploads\/sites\/2\/2020\/09\/180215_vKl_UniJena_BildWortMarke_blue_FSU-1-1536x512.jpg 1536w, https:\/\/cimvirtual.es\/en\/wp-content\/uploads\/sites\/2\/2020\/09\/180215_vKl_UniJena_BildWortMarke_blue_FSU-1-600x200.jpg 600w, https:\/\/cimvirtual.es\/en\/wp-content\/uploads\/sites\/2\/2020\/09\/180215_vKl_UniJena_BildWortMarke_blue_FSU-1.jpg 1772w\" sizes=\"(max-width: 812px) 100vw, 812px\" \/><br \/>\n\t\t\t\t\t\t\t\t\t\t<img decoding=\"async\" src=\"http:\/\/cimvirtual.es\/wp-content\/uploads\/2020\/09\/logo6789085.png\" title=\"\" alt=\"\" \/><br \/>\n\t\t\t\t\t\t\t\t\t\t<img decoding=\"async\" loading=\"lazy\" width=\"630\" height=\"320\" src=\"https:\/\/cimvirtual.es\/en\/wp-content\/uploads\/sites\/2\/2020\/10\/foto-isa.jpg\" alt=\"\" srcset=\"https:\/\/cimvirtual.es\/en\/wp-content\/uploads\/sites\/2\/2020\/10\/foto-isa.jpg 630w, https:\/\/cimvirtual.es\/en\/wp-content\/uploads\/sites\/2\/2020\/10\/foto-isa-300x152.jpg 300w\" sizes=\"(max-width: 630px) 100vw, 630px\" \/><br \/>\n\t\t\t\t\t\t\t\t\t\t<img decoding=\"async\" loading=\"lazy\" width=\"300\" height=\"168\" src=\"https:\/\/cimvirtual.es\/en\/wp-content\/uploads\/sites\/2\/2020\/10\/WhatsApp-Image-2020-10-03-at-20.52.38.jpeg\" alt=\"\" \/><\/p>\n","protected":false},"excerpt":{"rendered":"<p>International Virtual Conference, 27, 28 and 29 April 2021 [Multilingual Inclusive Communication.\u00a02030 Educational Goals for Sustainable Development] In the Resolution of the General Assembly on 25 September 2015, the United Nations adopted the 2030 Agenda for Sustainable Development, laying out 17 Sustainable Development Goals and 169 different targets. Goal 4 proposes to ensure inclusive and [&hellip;]<\/p>\n","protected":false},"author":1,"featured_media":0,"parent":0,"menu_order":0,"comment_status":"closed","ping_status":"closed","template":"elementor_header_footer","meta":{"footnotes":""},"_links":{"self":[{"href":"https:\/\/cimvirtual.es\/en\/wp-json\/wp\/v2\/pages\/442"}],"collection":[{"href":"https:\/\/cimvirtual.es\/en\/wp-json\/wp\/v2\/pages"}],"about":[{"href":"https:\/\/cimvirtual.es\/en\/wp-json\/wp\/v2\/types\/page"}],"author":[{"embeddable":true,"href":"https:\/\/cimvirtual.es\/en\/wp-json\/wp\/v2\/users\/1"}],"replies":[{"embeddable":true,"href":"https:\/\/cimvirtual.es\/en\/wp-json\/wp\/v2\/comments?post=442"}],"version-history":[{"count":342,"href":"https:\/\/cimvirtual.es\/en\/wp-json\/wp\/v2\/pages\/442\/revisions"}],"predecessor-version":[{"id":2032,"href":"https:\/\/cimvirtual.es\/en\/wp-json\/wp\/v2\/pages\/442\/revisions\/2032"}],"wp:attachment":[{"href":"https:\/\/cimvirtual.es\/en\/wp-json\/wp\/v2\/media?parent=442"}],"curies":[{"name":"wp","href":"https:\/\/api.w.org\/{rel}","templated":true}]}}